{"id":61,"date":"2016-08-03T11:51:16","date_gmt":"2016-08-03T11:51:16","guid":{"rendered":"http:\/\/espoonseudunkulttuurisaatio.fi\/?page_id=61"},"modified":"2016-08-05T07:28:11","modified_gmt":"2016-08-05T07:28:11","slug":"suomeksi","status":"publish","type":"page","link":"https:\/\/espoonseudunkulttuurisaatio.fi\/?page_id=61","title":{"rendered":"Suomeksi"},"content":{"rendered":"<p>Siirt\u00e4\u00e4kseen sukupolvensa kokemusten ja el\u00e4m\u00e4nty\u00f6n arvoja ja saavutuksia perint\u00f6n\u00e4 tuleville sukupolville, perustivat Espoon sotaveteraanit toimintansa 40-vuotisjuhlavuonna v 1999 Espoon Seudun Kulttuuris\u00e4\u00e4ti\u00f6n. He halusivat toimenpiteell\u00e4\u00e4n osoittaa, ett\u00e4 heid\u00e4n k\u00e4sityksens\u00e4 mukaan pienen kansan vapauden- ja itsen\u00e4isyystahdon voima on sen korkeassa sivistyksess\u00e4 ja omaleimaisessa kulttuurissa sek\u00e4 ihmisten turvallisissa el\u00e4m\u00e4nolosuhteissa. S\u00e4\u00e4ti\u00f6n perustamisella sotaveteraanit halusivat my\u00f6s osoittaa kiintymyksens\u00e4 ja arvostuksensa kotiseuduilleen \u2013 Espoon ja Kauniaisten kaupungeille ja Kirkkonummen kunnalle.<\/p>\n<p>S\u00e4\u00e4ti\u00f6n perustajina olivat my\u00f6s Espoon ja Kauniaisten kaupungit sek\u00e4 Kirkkonummen kunta, Teknillinen korkeakoulu ja Espoon Kaupunginosayhdistysten Liitto.<\/p>\n<p>Kulttuuris\u00e4\u00e4ti\u00f6n tunnuksena on tammen lehv\u00e4, joka ilment\u00e4\u00e4 Espoon seudun perinteist\u00e4 jaloa puuta.<\/p>\n<p>Tammenlehv\u00e4 sitoo kulttuuris\u00e4\u00e4ti\u00f6n my\u00f6s alueen veteraanisukupolveen joka on s\u00e4\u00e4ti\u00f6n perustaja. Tunnuksen v\u00e4rit ilment\u00e4v\u00e4t Espoon seudun merellist\u00e4 rannikkoa ja alueen kaunista vehre\u00e4t\u00e4 maaseutua. Yl\u00f6sp\u00e4in suuntautuvat kasvua kuvaavat lehden valkeat suonet antavat mielikuvan alueen keskeisest\u00e4 urbaanista osasta, sen tiest\u00f6st\u00e4 ja muista yhteyksist\u00e4. Lehden \u201dsormet\u201d ja my\u00f6s suonet puolestaan kuvaavat kolmea kuntaa. Tunnuksen on laatinut professori Ky\u00f6sti Varis.<\/p>\n","protected":false},"excerpt":{"rendered":"<p>Siirt\u00e4\u00e4kseen sukupolvensa kokemusten ja el\u00e4m\u00e4nty\u00f6n arvoja ja saavutuksia perint\u00f6n\u00e4 tuleville sukupolville, perustivat Espoon sotaveteraanit toimintansa 40-vuotisjuhlavuonna v 1999 Espoon Seudun Kulttuuris\u00e4\u00e4ti\u00f6n. He halusivat toimenpiteell\u00e4\u00e4n osoittaa, ett\u00e4 heid\u00e4n k\u00e4sityksens\u00e4 mukaan pienen kansan vapauden- ja itsen\u00e4isyystahdon voima on sen korkeassa sivistyksess\u00e4 ja omaleimaisessa kulttuurissa sek\u00e4 ihmisten turvallisissa el\u00e4m\u00e4nolosuhteissa. S\u00e4\u00e4ti\u00f6n perustamisella sotaveteraanit halusivat my\u00f6s osoittaa kiintymyksens\u00e4 ja arvostuksensa [&hellip;]<\/p>\n","protected":false},"author":1,"featured_media":0,"parent":0,"menu_order":1,"comment_status":"closed","ping_status":"closed","template":"","meta":{"footnotes":"","_links_to":"","_links_to_target":""},"class_list":["post-61","page","type-page","status-publish","hentry"],"_links":{"self":[{"href":"https:\/\/espoonseudunkulttuurisaatio.fi\/index.php?rest_route=\/wp\/v2\/pages\/61","targetHints":{"allow":["GET"]}}],"collection":[{"href":"https:\/\/espoonseudunkulttuurisaatio.fi\/index.php?rest_route=\/wp\/v2\/pages"}],"about":[{"href":"https:\/\/espoonseudunkulttuurisaatio.fi\/index.php?rest_route=\/wp\/v2\/types\/page"}],"author":[{"embeddable":true,"href":"https:\/\/espoonseudunkulttuurisaatio.fi\/index.php?rest_route=\/wp\/v2\/users\/1"}],"replies":[{"embeddable":true,"href":"https:\/\/espoonseudunkulttuurisaatio.fi\/index.php?rest_route=%2Fwp%2Fv2%2Fcomments&post=61"}],"version-history":[{"count":1,"href":"https:\/\/espoonseudunkulttuurisaatio.fi\/index.php?rest_route=\/wp\/v2\/pages\/61\/revisions"}],"predecessor-version":[{"id":62,"href":"https:\/\/espoonseudunkulttuurisaatio.fi\/index.php?rest_route=\/wp\/v2\/pages\/61\/revisions\/62"}],"wp:attachment":[{"href":"https:\/\/espoonseudunkulttuurisaatio.fi\/index.php?rest_route=%2Fwp%2Fv2%2Fmedia&parent=61"}],"curies":[{"name":"wp","href":"https:\/\/api.w.org\/{rel}","templated":true}]}}